{"id":483,"date":"2024-02-23T14:12:52","date_gmt":"2024-02-23T13:12:52","guid":{"rendered":"https:\/\/www.diversidees.be\/?page_id=483"},"modified":"2025-10-27T10:08:21","modified_gmt":"2025-10-27T09:08:21","slug":"a-propos","status":"publish","type":"page","link":"https:\/\/www.diversidees.be\/index.php\/a-propos\/","title":{"rendered":"\u00c0 propos"},"content":{"rendered":"\n<div class=\"wp-block-cover alignwide\" style=\"border-radius:22px;min-height:441px;aspect-ratio:unset;\"><img loading=\"lazy\" decoding=\"async\" width=\"1123\" height=\"794\" class=\"wp-block-cover__image-background wp-image-517\" alt=\"\" src=\"http:\/\/www.diversidees.be\/wp-content\/uploads\/2024\/02\/banniere-A4-triangle-et-angle-jaune.png\" data-object-fit=\"cover\" srcset=\"https:\/\/www.diversidees.be\/wp-content\/uploads\/2024\/02\/banniere-A4-triangle-et-angle-jaune.png 1123w, https:\/\/www.diversidees.be\/wp-content\/uploads\/2024\/02\/banniere-A4-triangle-et-angle-jaune-300x212.png 300w, https:\/\/www.diversidees.be\/wp-content\/uploads\/2024\/02\/banniere-A4-triangle-et-angle-jaune-1024x724.png 1024w, https:\/\/www.diversidees.be\/wp-content\/uploads\/2024\/02\/banniere-A4-triangle-et-angle-jaune-768x543.png 768w\" sizes=\"auto, (max-width: 1123px) 100vw, 1123px\" \/><span aria-hidden=\"true\" class=\"wp-block-cover__background has-nv-c-1-background-color has-background-dim-20 has-background-dim\"><\/span><div class=\"wp-block-cover__inner-container is-layout-constrained wp-block-cover-is-layout-constrained\">\n<div class=\"wp-block-media-text is-stacked-on-mobile\" style=\"grid-template-columns:26% auto\"><figure class=\"wp-block-media-text__media\"><img loading=\"lazy\" decoding=\"async\" width=\"1024\" height=\"1024\" src=\"http:\/\/www.diversidees.be\/wp-content\/uploads\/2024\/02\/logo-diversidees-triangles-carre-1-1024x1024.png\" alt=\"logo-diversidees-triangles emboit\u00e9s\" class=\"wp-image-415 size-full\" srcset=\"https:\/\/www.diversidees.be\/wp-content\/uploads\/2024\/02\/logo-diversidees-triangles-carre-1-1024x1024.png 1024w, https:\/\/www.diversidees.be\/wp-content\/uploads\/2024\/02\/logo-diversidees-triangles-carre-1-300x300.png 300w, https:\/\/www.diversidees.be\/wp-content\/uploads\/2024\/02\/logo-diversidees-triangles-carre-1-150x150.png 150w, https:\/\/www.diversidees.be\/wp-content\/uploads\/2024\/02\/logo-diversidees-triangles-carre-1-768x768.png 768w, https:\/\/www.diversidees.be\/wp-content\/uploads\/2024\/02\/logo-diversidees-triangles-carre-1.png 1175w\" sizes=\"auto, (max-width: 1024px) 100vw, 1024px\" \/><\/figure><div class=\"wp-block-media-text__content\">\n<h2 class=\"wp-block-heading has-nv-dark-bg-color has-text-color has-link-color wp-elements-e9e44b04ce58b110ff4245c2321df2a7\">\u00c0 propos<\/h2>\n\n\n\n<p class=\"has-nv-dark-bg-color has-text-color has-link-color wp-elements-29df38795f64ffbd22ae3bcd7543c8cd\">Divers\u00b7id\u00e9es est un point de d\u00e9part; une envie de partage d\u2019id\u00e9es, d\u2019exp\u00e9riences et d\u2019outils d\u00e9velopp\u00e9s durant des ann\u00e9es de pratiques professionnelles m\u00ealant sciences environnementales et sociales.<\/p>\n\n\n\n<p class=\"has-nv-dark-bg-color has-text-color has-link-color wp-elements-cae53d1f0cc73debc5afde1996523e85\">Divers\u00b7id\u00e9es est un projet de transmission et d\u00e9veloppement de comp\u00e9tences favorisant l\u2019apparition de postures et pratiques respectueuses, inclusives et \u00e9co-responsables.<br><br>Divers\u00b7id\u00e9es fait le pari de valoriser les richesses que repr\u00e9sentent l\u2019inclusion des diversit\u00e9s afin de cr\u00e9er des synergies cr\u00e9atives, \u00e9thiques et r\u00e9silientes avec un b\u00e9n\u00e9fice socio-environnemental.<\/p>\n<\/div><\/div>\n<\/div><\/div>\n\n\n\n<div class=\"wp-block-group has-nv-site-bg-background-color has-background\"><div class=\"wp-block-group__inner-container is-layout-constrained wp-block-group-is-layout-constrained\">\n<p><\/p>\n<\/div><\/div>\n\n\n\n<div class=\"wp-block-cover alignwide\" style=\"border-radius:22px;min-height:665px;aspect-ratio:unset;\"><img loading=\"lazy\" decoding=\"async\" width=\"1123\" height=\"794\" class=\"wp-block-cover__image-background wp-image-519\" alt=\"\" src=\"http:\/\/www.diversidees.be\/wp-content\/uploads\/2024\/02\/banniere-A4-triangle-et-angle-bleu.png\" style=\"object-position:23% 97%\" data-object-fit=\"cover\" data-object-position=\"23% 97%\" srcset=\"https:\/\/www.diversidees.be\/wp-content\/uploads\/2024\/02\/banniere-A4-triangle-et-angle-bleu.png 1123w, https:\/\/www.diversidees.be\/wp-content\/uploads\/2024\/02\/banniere-A4-triangle-et-angle-bleu-300x212.png 300w, https:\/\/www.diversidees.be\/wp-content\/uploads\/2024\/02\/banniere-A4-triangle-et-angle-bleu-1024x724.png 1024w, https:\/\/www.diversidees.be\/wp-content\/uploads\/2024\/02\/banniere-A4-triangle-et-angle-bleu-768x543.png 768w\" sizes=\"auto, (max-width: 1123px) 100vw, 1123px\" \/><span aria-hidden=\"true\" class=\"wp-block-cover__background has-neve-link-hover-color-background-color has-background-dim-20 has-background-dim\"><\/span><div class=\"wp-block-cover__inner-container is-layout-flow wp-block-cover-is-layout-flow\">\n<div class=\"wp-block-media-text has-media-on-the-right is-stacked-on-mobile is-vertically-aligned-center\" style=\"grid-template-columns:auto 39%\"><div class=\"wp-block-media-text__content\">\n<h2 class=\"wp-block-heading has-nv-dark-bg-color has-text-color has-link-color wp-elements-04cb60e98f7b895478f367f2eedae10b\">Observations<\/h2>\n\n\n\n<p class=\"has-nv-dark-bg-color has-text-color has-link-color wp-elements-e3dbab2eec0db44c0a90785486d9b226\">Nombreuses sont les personnes qui se questionnent sur les<strong> th\u00e9matiques de diversit\u00e9s, inclusions et \u00e9co-responsabilit\u00e9s<\/strong>. Et il n\u2019est pas forc\u00e9ment \u00e9vident de d\u00e9terminer comment initier <strong>une d\u00e9marche \u00e9co-inclusive<\/strong>.<br><br>Comment int\u00e9grer dans nos habitudes quotidiennes des gestes ayant un impact \u00e9co-social positif&nbsp;? Comment tenir compte des diversit\u00e9s pour d\u00e9velopper de nouveaux imaginaires et de nouveaux projets de soci\u00e9t\u00e9s respectueux de toutes et tous et tous\u00b7te\u00b7s\u00b7x&nbsp;? Comment s\u2019ouvrir aux autres sans craindre de perdre ses rep\u00e8res et ses valeurs&nbsp;?<br><br>Autant de peurs et questions l\u00e9gitimes qui paralysent.<br><br>Si vous souhaitez passer \u00e0 l\u2019action, <strong>nous vous accompagnons.<\/strong><\/p>\n\n\n\n<div class=\"wp-block-buttons is-layout-flex wp-block-buttons-is-layout-flex\">\n<div class=\"wp-block-button is-style-primary\"><a class=\"wp-block-button__link has-border-color wp-element-button\" href=\"https:\/\/www.diversidees.be\/index.php\/nos-thematiques\/\" style=\"border-color:var(--nv-dark-bg);border-width:1px;border-radius:6px\">Nos th\u00e9matiques<\/a><\/div>\n<\/div>\n<\/div><figure class=\"wp-block-media-text__media\"><img loading=\"lazy\" decoding=\"async\" width=\"605\" height=\"441\" src=\"http:\/\/www.diversidees.be\/wp-content\/uploads\/2024\/02\/point-de-vue.png\" alt=\"Deux personnages face \u00e0 face. Entre les deux, un chiffre \u00e0 l'horizontal. Le personne de gauche reconna\u00eet le chiffre 9. Le personnage de droit reconna\u00eet le chiffre 6.\" class=\"wp-image-536 size-full\" srcset=\"https:\/\/www.diversidees.be\/wp-content\/uploads\/2024\/02\/point-de-vue.png 605w, https:\/\/www.diversidees.be\/wp-content\/uploads\/2024\/02\/point-de-vue-300x219.png 300w\" sizes=\"auto, (max-width: 605px) 100vw, 605px\" \/><\/figure><\/div>\n<\/div><\/div>\n\n\n\n<p><\/p>\n\n\n\n<div class=\"wp-block-cover alignwide\" style=\"border-radius:22px;min-height:576px;aspect-ratio:unset;\"><img loading=\"lazy\" decoding=\"async\" width=\"1123\" height=\"794\" class=\"wp-block-cover__image-background wp-image-522\" alt=\"\" src=\"http:\/\/www.diversidees.be\/wp-content\/uploads\/2024\/02\/banniere-A4-triangle-et-angle-orange.png\" style=\"object-position:46% 31%\" data-object-fit=\"cover\" data-object-position=\"46% 31%\" srcset=\"https:\/\/www.diversidees.be\/wp-content\/uploads\/2024\/02\/banniere-A4-triangle-et-angle-orange.png 1123w, https:\/\/www.diversidees.be\/wp-content\/uploads\/2024\/02\/banniere-A4-triangle-et-angle-orange-300x212.png 300w, https:\/\/www.diversidees.be\/wp-content\/uploads\/2024\/02\/banniere-A4-triangle-et-angle-orange-1024x724.png 1024w, https:\/\/www.diversidees.be\/wp-content\/uploads\/2024\/02\/banniere-A4-triangle-et-angle-orange-768x543.png 768w\" sizes=\"auto, (max-width: 1123px) 100vw, 1123px\" \/><span aria-hidden=\"true\" class=\"wp-block-cover__background has-neve-link-color-background-color has-background-dim-20 has-background-dim\"><\/span><div class=\"wp-block-cover__inner-container is-layout-flow wp-block-cover-is-layout-flow\">\n<div class=\"wp-block-media-text is-stacked-on-mobile\" style=\"grid-template-columns:36% auto\"><figure class=\"wp-block-media-text__media\"><img loading=\"lazy\" decoding=\"async\" width=\"1024\" height=\"1024\" src=\"http:\/\/www.diversidees.be\/wp-content\/uploads\/2024\/02\/logo-diversidees-triangles-carre-1-1024x1024.png\" alt=\"logo-diversidees-triangles emboit\u00e9s\" class=\"wp-image-415 size-full\" srcset=\"https:\/\/www.diversidees.be\/wp-content\/uploads\/2024\/02\/logo-diversidees-triangles-carre-1-1024x1024.png 1024w, https:\/\/www.diversidees.be\/wp-content\/uploads\/2024\/02\/logo-diversidees-triangles-carre-1-300x300.png 300w, https:\/\/www.diversidees.be\/wp-content\/uploads\/2024\/02\/logo-diversidees-triangles-carre-1-150x150.png 150w, https:\/\/www.diversidees.be\/wp-content\/uploads\/2024\/02\/logo-diversidees-triangles-carre-1-768x768.png 768w, https:\/\/www.diversidees.be\/wp-content\/uploads\/2024\/02\/logo-diversidees-triangles-carre-1.png 1175w\" sizes=\"auto, (max-width: 1024px) 100vw, 1024px\" \/><\/figure><div class=\"wp-block-media-text__content\">\n<h2 class=\"wp-block-heading has-nv-dark-bg-color has-text-color has-link-color wp-elements-b277daff45ed82a1058c6dc41703e983\">Proposition<\/h2>\n\n\n\n<p class=\"has-nv-dark-bg-color has-text-color has-link-color wp-elements-4828c8e7fd2e0d00608356f467452bdf\">Divers\u00b7id\u00e9es vous soutient et vous accompagne dans votre d\u00e9marche.<br><br>Au travers de <strong>formations<\/strong> adapt\u00e9es \u00e0 vos besoins, de <strong>consultance<\/strong> et <strong>supervision<\/strong> de vos projets, nous apportons notre exp\u00e9rience, nos id\u00e9es et nos outils. D\u00e9veloppez vos comp\u00e9tences et votre posture en lien avec les <strong>diversit\u00e9s et leur inclusion<\/strong>, <strong>d\u00e9carbonez les processus<\/strong> de votre activit\u00e9 et <strong>repensez vos gestes<\/strong> avec un <strong>b\u00e9n\u00e9fice socio-environnemental<\/strong>.<br><br>Que ce soit au travail, en soci\u00e9t\u00e9 ou dans la sph\u00e8re priv\u00e9e, d\u00e9veloppons et partageons le pouvoir de <strong>faire bouger le monde<\/strong>.<\/p>\n\n\n\n<div class=\"wp-block-buttons is-layout-flex wp-block-buttons-is-layout-flex\">\n<div class=\"wp-block-button is-style-primary\"><a class=\"wp-block-button__link has-border-color wp-element-button\" href=\"https:\/\/www.diversidees.be\/index.php\/formations-et-services\/\" style=\"border-color:var(--nv-dark-bg);border-width:1px;border-radius:6px\">Nos formations<\/a><\/div>\n<\/div>\n<\/div><\/div>\n<\/div><\/div>\n\n\n\n<div class=\"wp-block-cover alignwide\" style=\"min-height:446px;aspect-ratio:unset;\"><span aria-hidden=\"true\" class=\"wp-block-cover__background has-nv-site-bg-background-color has-background-dim-100 has-background-dim\"><\/span><div class=\"wp-block-cover__inner-container is-layout-flow wp-block-cover-is-layout-flow\">\n<div style=\"height:15px\" aria-hidden=\"true\" class=\"wp-block-spacer\"><\/div>\n\n\n\n<div class=\"wp-block-columns is-layout-flex wp-container-core-columns-is-layout-9d6595d7 wp-block-columns-is-layout-flex\">\n<div class=\"wp-block-column ticss-4ce656f1 is-layout-flow wp-block-column-is-layout-flow\"><div class=\"wp-block-image icon-style is-style-rounded\">\n<figure class=\"aligncenter size-full\"><img loading=\"lazy\" decoding=\"async\" width=\"92\" height=\"92\" src=\"http:\/\/www.diversidees.be\/wp-content\/uploads\/2024\/02\/bouton-prise-parole.png\" alt=\"\" class=\"wp-image-512\"\/><\/figure>\n<\/div>\n\n\n<div style=\"height:24px\" aria-hidden=\"true\" class=\"wp-block-spacer\"><\/div>\n\n\n\n<h3 class=\"wp-block-heading has-text-align-center has-neve-text-color-color has-text-color\">Bienveillant\u00b7e<\/h3>\n\n\n\n<p class=\"has-text-align-center has-neve-text-color-color has-text-color\" style=\"font-size:15px\">Veiller au bien des personnes et du groupe.<\/p>\n\n\n\n<div style=\"height:20px\" aria-hidden=\"true\" class=\"wp-block-spacer\"><\/div>\n<\/div>\n\n\n\n<div class=\"wp-block-column ticss-f6fc7494 is-layout-flow wp-block-column-is-layout-flow\"><div class=\"wp-block-image icon-style is-style-rounded\">\n<figure class=\"aligncenter size-full\"><img loading=\"lazy\" decoding=\"async\" width=\"92\" height=\"92\" src=\"http:\/\/www.diversidees.be\/wp-content\/uploads\/2024\/02\/Bouton-DEI.png\" alt=\"\" class=\"wp-image-510\"\/><\/figure>\n<\/div>\n\n\n<div style=\"height:24px\" aria-hidden=\"true\" class=\"wp-block-spacer\"><\/div>\n\n\n\n<h3 class=\"wp-block-heading has-text-align-center has-neve-text-color-color has-text-color\">Inclusif\u00b7ve<\/h3>\n\n\n\n<p class=\"has-text-align-center has-neve-text-color-color has-text-color\" style=\"font-size:15px\">Permettre \u00e0 chacun\u00b7e de participer et faire soci\u00e9t\u00e9.<\/p>\n\n\n\n<div style=\"height:20px\" aria-hidden=\"true\" class=\"wp-block-spacer\"><\/div>\n<\/div>\n\n\n\n<div class=\"wp-block-column ticss-a5b4df29 is-layout-flow wp-block-column-is-layout-flow\"><div class=\"wp-block-image icon-style is-style-rounded\">\n<figure class=\"aligncenter size-full\"><img loading=\"lazy\" decoding=\"async\" width=\"92\" height=\"92\" src=\"http:\/\/www.diversidees.be\/wp-content\/uploads\/2024\/02\/bouton-eco.png\" alt=\"\" class=\"wp-image-511\"\/><\/figure>\n<\/div>\n\n\n<div style=\"height:24px\" aria-hidden=\"true\" class=\"wp-block-spacer\"><\/div>\n\n\n\n<h3 class=\"wp-block-heading has-text-align-center has-neve-text-color-color has-text-color\">\u00c9co-responsable<\/h3>\n\n\n\n<p class=\"has-text-align-center has-neve-text-color-color has-text-color\" style=\"font-size:15px\">Repenser nos modes de vie avec effet b\u00e9n\u00e9fique pour l&rsquo;ensemble de l&rsquo;\u00e9cosyst\u00e8me terrestre.<\/p>\n\n\n\n<div style=\"height:20px\" aria-hidden=\"true\" class=\"wp-block-spacer\"><\/div>\n<\/div>\n<\/div>\n<\/div><\/div>\n\n\n\n<div class=\"wp-block-cover alignwide\" style=\"border-radius:22px;min-height:549px;aspect-ratio:unset;\"><span aria-hidden=\"true\" class=\"wp-block-cover__background has-nv-c-1-background-color has-background-dim-100 has-background-dim\"><\/span><div class=\"wp-block-cover__inner-container is-layout-flow wp-block-cover-is-layout-flow\">\n<div class=\"wp-block-group\"><div class=\"wp-block-group__inner-container is-layout-flow wp-block-group-is-layout-flow\">\n<div class=\"wp-block-columns alignwide is-layout-flex wp-container-core-columns-is-layout-9d6595d7 wp-block-columns-is-layout-flex\">\n<div class=\"wp-block-column is-layout-flow wp-block-column-is-layout-flow\"><div class=\"wp-block-image is-style-rounded\">\n<figure class=\"aligncenter size-full is-resized\"><img loading=\"lazy\" decoding=\"async\" width=\"500\" height=\"500\" src=\"http:\/\/www.diversidees.be\/wp-content\/uploads\/2024\/02\/Erwan.png\" alt=\"\" class=\"wp-image-414\" style=\"width:226px;height:auto\" srcset=\"https:\/\/www.diversidees.be\/wp-content\/uploads\/2024\/02\/Erwan.png 500w, https:\/\/www.diversidees.be\/wp-content\/uploads\/2024\/02\/Erwan-300x300.png 300w, https:\/\/www.diversidees.be\/wp-content\/uploads\/2024\/02\/Erwan-150x150.png 150w\" sizes=\"auto, (max-width: 500px) 100vw, 500px\" \/><\/figure>\n<\/div>\n\n\n<h3 class=\"wp-block-heading has-text-align-center has-neve-text-color-color has-text-color\">Erwan MARJO<\/h3>\n\n\n\n<p class=\"has-text-align-center has-neve-text-color-color has-text-color\">Formateur<\/p>\n\n\n\n<div class=\"wp-block-group\"><div class=\"wp-block-group__inner-container is-layout-constrained wp-block-group-is-layout-constrained\">\n<ul class=\"wp-block-social-links aligncenter is-layout-flex wp-block-social-links-is-layout-flex\"><li class=\"wp-social-link wp-social-link-mail  wp-block-social-link\"><a href=\"mailto:&#101;r&#119;&#097;&#110;&#064;d&#105;v&#101;rsid&#101;&#101;&#115;&#046;&#098;e\" class=\"wp-block-social-link-anchor\"><svg width=\"24\" height=\"24\" viewBox=\"0 0 24 24\" version=\"1.1\" xmlns=\"http:\/\/www.w3.org\/2000\/svg\" aria-hidden=\"true\" focusable=\"false\"><path d=\"M19,5H5c-1.1,0-2,.9-2,2v10c0,1.1.9,2,2,2h14c1.1,0,2-.9,2-2V7c0-1.1-.9-2-2-2zm.5,12c0,.3-.2.5-.5.5H5c-.3,0-.5-.2-.5-.5V9.8l7.5,5.6,7.5-5.6V17zm0-9.1L12,13.6,4.5,7.9V7c0-.3.2-.5.5-.5h14c.3,0,.5.2.5.5v.9z\"><\/path><\/svg><span class=\"wp-block-social-link-label screen-reader-text\">E-mail<\/span><\/a><\/li><\/ul>\n<\/div><\/div>\n<\/div>\n\n\n\n<div class=\"wp-block-column is-vertically-aligned-top is-layout-flow wp-block-column-is-layout-flow\">\n<h3 class=\"wp-block-heading has-nv-dark-bg-color has-text-color has-link-color wp-elements-278c422a87c0b3e46321eee146e0cc19\">Formateur, consultant et gestionnaire de projets<\/h3>\n\n\n\n<p class=\"has-nv-dark-bg-color has-text-color has-link-color wp-elements-f583fa15d88883cb2633ec778805ff5c\">Form\u00e9 aux sciences humaines et environnementales, j&rsquo;exerce mes activit\u00e9s depuis plus de 20 ans (secteur priv\u00e9, public et associatif).<br><br>J\u2019y ai sensibilis\u00e9, form\u00e9 et accompagn\u00e9 des publics vari\u00e9s (\u00e2ge, genre, origines, situation mentale et physique, milieux socio-professionnels) sur de nombreuses th\u00e9matiques telles que l\u2019\u00e9cologie, la sant\u00e9 publique, la diversit\u00e9 et l\u2019inclusion.<\/p>\n\n\n\n<p class=\"has-nv-dark-bg-color has-text-color has-link-color wp-elements-edc6049fc59284d1ebb1344aac484be5\">A la convergence des th\u00e9matiques socio-environnementales, je vous propose de faire \u00e9merger ensemble des projets favorisant une soci\u00e9t\u00e9 plus inclusive, juste et respectueuse.<\/p>\n\n\n\n<p>En parall\u00e8le, j&rsquo;explore les th\u00e9matiques de diversit\u00e9s au travers de nombreux projets artistiques en tant que com\u00e9dien et metteur en sc\u00e8ne.<\/p>\n<\/div>\n<\/div>\n<\/div><\/div>\n<\/div><\/div>\n\n\n\n<div style=\"height:100px\" aria-hidden=\"true\" class=\"wp-block-spacer\"><\/div>\n","protected":false},"excerpt":{"rendered":"","protected":false},"author":1,"featured_media":0,"parent":0,"menu_order":0,"comment_status":"closed","ping_status":"closed","template":"","meta":{"neve_meta_sidebar":"","neve_meta_container":"","neve_meta_enable_content_width":"","neve_meta_content_width":0,"neve_meta_title_alignment":"","neve_meta_author_avatar":"","neve_post_elements_order":"","neve_meta_disable_header":"","neve_meta_disable_footer":"","neve_meta_disable_title":"","_themeisle_gutenberg_block_has_review":false,"footnotes":""},"class_list":["post-483","page","type-page","status-publish","hentry"],"_links":{"self":[{"href":"https:\/\/www.diversidees.be\/index.php\/wp-json\/wp\/v2\/pages\/483","targetHints":{"allow":["GET"]}}],"collection":[{"href":"https:\/\/www.diversidees.be\/index.php\/wp-json\/wp\/v2\/pages"}],"about":[{"href":"https:\/\/www.diversidees.be\/index.php\/wp-json\/wp\/v2\/types\/page"}],"author":[{"embeddable":true,"href":"https:\/\/www.diversidees.be\/index.php\/wp-json\/wp\/v2\/users\/1"}],"replies":[{"embeddable":true,"href":"https:\/\/www.diversidees.be\/index.php\/wp-json\/wp\/v2\/comments?post=483"}],"version-history":[{"count":10,"href":"https:\/\/www.diversidees.be\/index.php\/wp-json\/wp\/v2\/pages\/483\/revisions"}],"predecessor-version":[{"id":648,"href":"https:\/\/www.diversidees.be\/index.php\/wp-json\/wp\/v2\/pages\/483\/revisions\/648"}],"wp:attachment":[{"href":"https:\/\/www.diversidees.be\/index.php\/wp-json\/wp\/v2\/media?parent=483"}],"curies":[{"name":"wp","href":"https:\/\/api.w.org\/{rel}","templated":true}]}}