{"id":23,"date":"2024-02-27T15:29:31","date_gmt":"2024-02-27T14:29:31","guid":{"rendered":"https:\/\/www.diversidees.be\/?page_id=23"},"modified":"2025-10-27T10:34:54","modified_gmt":"2025-10-27T09:34:54","slug":"formations-et-services","status":"publish","type":"page","link":"https:\/\/www.diversidees.be\/index.php\/formations-et-services\/","title":{"rendered":"Formations et services"},"content":{"rendered":"\n<h1 class=\"wp-block-heading has-text-align-center has-nv-dark-bg-color has-text-color has-link-color wp-elements-fc5df7737643b5541691912e9b7e6ee2\">Formations<\/h1>\n\n\n\n<div class=\"wp-block-columns is-layout-flex wp-container-core-columns-is-layout-9d6595d7 wp-block-columns-is-layout-flex\">\n<div class=\"wp-block-column is-layout-flow wp-block-column-is-layout-flow\"><div class=\"wp-block-image icon-style is-style-rounded\">\n<figure class=\"aligncenter size-full\"><img loading=\"lazy\" decoding=\"async\" width=\"92\" height=\"92\" src=\"https:\/\/www.diversidees.be\/wp-content\/uploads\/2024\/02\/Bouton-DEI.png\" alt=\"\" class=\"wp-image-510\" title=\"\"\/><\/figure>\n<\/div>\n\n\n<h3 class=\"wp-block-heading has-text-align-center has-neve-text-color-color has-text-color\">Diversit\u00e9s et Inclusion (DEI)<\/h3>\n\n\n\n<p class=\"has-text-align-center has-nv-dark-bg-color has-text-color has-link-color wp-elements-d1abd86d61637540b1c8ab093a2720cd\"><strong>R\u00e9-apprendre <\/strong>\u00e0 questionner ses cadres de r\u00e9f\u00e9rences et ses habitudes pour s&rsquo;ouvrir aux <strong>diversit\u00e9s et \u00e0 leur inclusion<\/strong>.<\/p>\n\n\n\n<div style=\"height:20px\" aria-hidden=\"true\" class=\"wp-block-spacer\"><\/div>\n<\/div>\n\n\n\n<div class=\"wp-block-column is-layout-flow wp-block-column-is-layout-flow\"><div class=\"wp-block-image icon-style is-style-rounded\">\n<figure class=\"aligncenter size-full\"><img loading=\"lazy\" decoding=\"async\" width=\"92\" height=\"92\" src=\"https:\/\/www.diversidees.be\/wp-content\/uploads\/2024\/02\/bouton-eco.png\" alt=\"\" class=\"wp-image-511\"\/><\/figure>\n<\/div>\n\n\n<h3 class=\"wp-block-heading has-text-align-center has-neve-text-color-color has-text-color\">\u00c9co-Responsabilit\u00e9<\/h3>\n\n\n\n<p class=\"has-text-align-center has-nv-dark-bg-color has-text-color has-link-color wp-elements-a041ac865aebc48150317b9e3954ebde\">Se r\u00e9-approprier le pouvoir d\u2019\u00eatre <strong>acteur\u00b7ice de changements \u00e9co-responsables<\/strong>.<\/p>\n\n\n\n<div style=\"height:20px\" aria-hidden=\"true\" class=\"wp-block-spacer\"><\/div>\n<\/div>\n\n\n\n<div class=\"wp-block-column is-layout-flow wp-block-column-is-layout-flow\"><div class=\"wp-block-image icon-style is-style-rounded\">\n<figure class=\"aligncenter size-full\"><img loading=\"lazy\" decoding=\"async\" width=\"92\" height=\"92\" src=\"https:\/\/www.diversidees.be\/wp-content\/uploads\/2024\/02\/bouton-prise-parole.png\" alt=\"\" class=\"wp-image-512\"\/><\/figure>\n<\/div>\n\n\n<h3 class=\"wp-block-heading has-text-align-center has-neve-text-color-color has-text-color\">Communiquer ses id\u00e9es<\/h3>\n\n\n\n<p class=\"has-text-align-center has-nv-dark-bg-color has-text-color has-link-color wp-elements-bb539e998b8c7b58692f22da6a02002d\">Oser prendre la parole en publique.<br><strong>Les bonnes id\u00e9es m\u00e9ritent d\u2019\u00eatre bien partag\u00e9es<\/strong>.<\/p>\n\n\n\n<div style=\"height:20px\" aria-hidden=\"true\" class=\"wp-block-spacer\"><\/div>\n<\/div>\n<\/div>\n\n\n\n<div class=\"wp-block-cover alignwide is-repeated has-nv-dark-bg-color has-text-color has-link-color wp-elements-b56e1ec412468101fe9d55ea113f5929\" style=\"border-radius:22px;min-height:630px;aspect-ratio:unset;\"><div class=\"wp-block-cover__image-background wp-image-517 is-repeated\" style=\"background-position:83% 30%;background-image:url(https:\/\/www.diversidees.be\/wp-content\/uploads\/2024\/02\/banniere-A4-triangle-et-angle-jaune.png)\"><\/div><span aria-hidden=\"true\" class=\"wp-block-cover__background has-nv-c-1-background-color has-background-dim-20 has-background-dim\"><\/span><div class=\"wp-block-cover__inner-container is-layout-flow wp-block-cover-is-layout-flow\">\n<div class=\"wp-block-media-text alignwide is-stacked-on-mobile is-vertically-aligned-center\" style=\"padding-right:0;padding-left:0;grid-template-columns:23% auto\"><figure class=\"wp-block-media-text__media\"><img loading=\"lazy\" decoding=\"async\" width=\"202\" height=\"252\" src=\"http:\/\/www.diversidees.be\/wp-content\/uploads\/2024\/02\/illustration-DEI.png\" alt=\"\" class=\"wp-image-515 size-full\"\/><\/figure><div class=\"wp-block-media-text__content\">\n<h2 class=\"wp-block-heading has-nv-dark-bg-color has-text-color has-link-color wp-elements-cc674af472eca29d800c2af0ac5bb1b5\" style=\"padding-right:var(--wp--preset--spacing--20);padding-left:var(--wp--preset--spacing--20)\">Diversit\u00e9s et inclusion<\/h2>\n\n\n\n<p class=\"has-nv-dark-bg-color has-text-color has-link-color wp-elements-0e2b879cd1f6f8d2ad27292dcbf56d34\">Les <strong>diversit\u00e9s et l\u2019inclusion<\/strong> forment une <strong>th\u00e9matique<\/strong> vaste, complexe et <strong>sensible<\/strong> ; s&rsquo;y m\u00ealent et s\u2019emm\u00ealent valeurs personnelles, perceptions subjectives, \u00e9motions, \u2026 .<br><br>Durant la <strong>formation<\/strong>, nous approcherons ce sujet de mani\u00e8re <strong>factuelle<\/strong>. Ensemble, nous d\u00e9finirons, trierons et organiserons les concepts et m\u00e9canismes li\u00e9s \u00e0 l\u2019inclusion en les inscrivant dans le temps et l\u2019espace.<br><br>Ce sera l\u2019occasion de <strong>se situer<\/strong> honn\u00eatement dans son rapport aux diversit\u00e9s.<br><br>A la fin de ce module, vous aurez les bases pour <strong>y voir plus clair<\/strong> et adopter une <strong>posture bienveillante<\/strong> aux diversit\u00e9s et aux <strong>d\u00e9marches inclusives<\/strong>.<\/p>\n\n\n\n<details class=\"wp-block-details has-nv-dark-bg-color has-text-color has-link-color wp-elements-cf30805cd7ce015770a73382cfc3ce92 is-layout-flow wp-block-details-is-layout-flow\"><summary><strong><u>Objectifs :<\/u><\/strong><\/summary>\n<ul class=\"wp-block-list\">\n<li>D\u00e9finir les concepts de base n\u00e9cessaires \u00e0 la compr\u00e9hension des enjeux des diversit\u00e9s et de leur inclusion.<\/li>\n\n\n\n<li>Conscientiser la limite subjective de son cadre de r\u00e9f\u00e9rence.<\/li>\n\n\n\n<li>Comprendre le(s) cadre(s) culturel(s) des personnes avec qui nous interagissons.<\/li>\n\n\n\n<li>Co-d\u00e9finir le cadre relationnel n\u00e9cessaire \u00e0 une collaboration sereine, constructive, efficiente et efficace.<\/li>\n<\/ul>\n<\/details>\n\n\n\n<details class=\"wp-block-details has-nv-dark-bg-color has-text-color has-link-color wp-elements-36074ef414e3fb475c6511d331cb0ff6 is-layout-flow wp-block-details-is-layout-flow\"><summary><strong><strong><span style=\"text-decoration: underline;\">Orientations&nbsp;:<\/span><\/strong><\/strong><\/summary>\n<p class=\"has-nv-dark-bg-color has-text-color has-link-color wp-elements-067b9b4ec824ce6a7cdce1b26ec8f121\">Le module est adapt\u00e9 \u00e0 vos besoins, en sensibilisation et\/ou renforcement de vos connaissances et comp\u00e9tences.<br><br>L\u2019approche peut \u00eatre orient\u00e9e RH, recrutement et cadre op\u00e9rationnel (secteur public, associatif et entreprise), gestion d\u2019\u00e9quipe (enseignement, animation et activit\u00e9s \u00e9v\u00e9nementielles, contact public, \u2026) ou encore acquisition de soft skills \u00e0 une \u00e9chelle individuelle (mentor, \u00e9ducateur\u00b7ice et animateur\u00b7ice, membre d\u2019une \u00e9quipe diversifi\u00e9e, \u2026).<\/p>\n<\/details>\n\n\n\n<div style=\"height:12px\" aria-hidden=\"true\" class=\"wp-block-spacer\"><\/div>\n\n\n\n<div class=\"wp-block-buttons is-horizontal is-content-justification-left is-layout-flex wp-container-core-buttons-is-layout-7e5fce0a wp-block-buttons-is-layout-flex\">\n<div class=\"wp-block-button is-style-primary\"><a class=\"wp-block-button__link has-nv-dark-bg-color has-nv-c-1-background-color has-text-color has-background has-link-color has-border-color wp-element-button\" href=\"https:\/\/www.diversidees.be\/index.php\/contact\/\" style=\"border-color:var(--nv-dark-bg);border-width:1px;border-radius:6px\">Contactez-nous !<\/a><\/div>\n<\/div>\n<\/div><\/div>\n<\/div><\/div>\n\n\n\n<div style=\"height:33px\" aria-hidden=\"true\" class=\"wp-block-spacer\"><\/div>\n\n\n\n<div class=\"wp-block-cover alignwide is-light has-nv-dark-bg-color has-text-color has-link-color wp-elements-37200d86e1e5a4bba29524d00bff18d4\" style=\"border-radius:22px;min-height:506px;aspect-ratio:unset;\"><img loading=\"lazy\" decoding=\"async\" width=\"1123\" height=\"794\" class=\"wp-block-cover__image-background wp-image-519\" alt=\"\" src=\"https:\/\/www.diversidees.be\/wp-content\/uploads\/2024\/02\/banniere-A4-triangle-et-angle-bleu.png\" style=\"object-position:58% 50%\" data-object-fit=\"cover\" data-object-position=\"58% 50%\" srcset=\"https:\/\/www.diversidees.be\/wp-content\/uploads\/2024\/02\/banniere-A4-triangle-et-angle-bleu.png 1123w, https:\/\/www.diversidees.be\/wp-content\/uploads\/2024\/02\/banniere-A4-triangle-et-angle-bleu-300x212.png 300w, https:\/\/www.diversidees.be\/wp-content\/uploads\/2024\/02\/banniere-A4-triangle-et-angle-bleu-1024x724.png 1024w, https:\/\/www.diversidees.be\/wp-content\/uploads\/2024\/02\/banniere-A4-triangle-et-angle-bleu-768x543.png 768w\" sizes=\"auto, (max-width: 1123px) 100vw, 1123px\" \/><span aria-hidden=\"true\" class=\"wp-block-cover__background has-neve-link-hover-color-background-color has-background-dim-20 has-background-dim\"><\/span><div class=\"wp-block-cover__inner-container is-layout-flow wp-block-cover-is-layout-flow\">\n<div class=\"wp-block-media-text has-media-on-the-right is-stacked-on-mobile\" style=\"grid-template-columns:auto 26%\"><div class=\"wp-block-media-text__content\">\n<h2 class=\"wp-block-heading has-nv-dark-bg-color has-text-color has-link-color wp-elements-c7cc1437c5c51a6d47a65599d3925c33\">\u00c9co-Responsabilit\u00e9<\/h2>\n\n\n\n<p class=\"has-nv-dark-bg-color has-text-color has-link-color wp-elements-b95ad4e496359b3abc1bc0f610bb1438\">Repenser ses <strong>actions<\/strong> avec une \u00e9thique <strong>socio-environnementale<\/strong>, c\u2019est agir en faveur d\u2019une <strong>soci\u00e9t\u00e9 juste et durable<\/strong>.<br><br>Mais <strong>comment faire <\/strong>et avec quels b\u00e9n\u00e9fices\u00a0?<br><br>C\u2019est l\u2019objet de ce type de module\u00a0!<br><br><strong>D\u00e9couvrez<\/strong> les principes et objectifs du <strong>D\u00e9veloppement Durable<\/strong> et int\u00e9grez-les dans vos <strong>gestes quotidiens<\/strong> et la <strong>gestion de vos projets.<\/strong><br><br>Ensemble, nous mettrons \u00e0 jour nos connaissances de base et apporterons les premi\u00e8res r\u00e9ponses qui vous guideront dans l\u2019optimisation de vos actions et projets avec b\u00e9n\u00e9fices socio-environnementaux.<br><br>Devenez <strong>acteur\u00b7ice<\/strong> de changements <strong>\u00e9co-responsables<\/strong>.<\/p>\n\n\n\n<details class=\"wp-block-details is-layout-flow wp-block-details-is-layout-flow\"><summary><span style=\"text-decoration: underline;\"><strong>\u00c0 qui s\u2019adresse cette formation&nbsp;?<\/strong><\/span><\/summary>\n<p>Pour les coordinateur\u00b7ice\u00b7s, gestionnaires de projets et toutes personnes souhaitant conscientiser et optimiser leurs actions \u00e0 l\u2019aide d\u2019une d\u00e9marche \u00e9co-responsable tout en s\u2019inscrivant dans une mouvance de d\u00e9veloppement \u00e9thique et durable.<\/p>\n<\/details>\n\n\n\n<details class=\"wp-block-details is-layout-flow wp-block-details-is-layout-flow\"><summary><strong><u>Objectifs :<\/u><\/strong><\/summary>\n<ul class=\"wp-block-list\">\n<li>Comprendre les bases du d\u00e9veloppement durable et de l\u2019\u00e9co-responsabilit\u00e9 \u00e0 un niveau personnel et collectif\/professionnel.<\/li>\n\n\n\n<li>D\u00e9velopper un regard sensible aux enjeux de d\u00e9veloppement durable.<\/li>\n\n\n\n<li>Conscientiser, questionner et optimiser ses pratiques, ses projets et son environnement de travail.<\/li>\n\n\n\n<li>Appr\u00e9hender les outils et crit\u00e8res aidant \u00e0 la planification d\u2019une politique d\u2019actions \u00e9thiques et \u00e9co-responsables.<\/li>\n\n\n\n<li>Passer facilement \u00e0 l\u2019action gr\u00e2ce \u00e0 l\u2019\u00e9change de bonnes pratiques et pistes de r\u00e9flexions.<\/li>\n<\/ul>\n<\/details>\n\n\n\n<details class=\"wp-block-details is-layout-flow wp-block-details-is-layout-flow\"><summary><strong><span style=\"text-decoration: underline;\">Orientations&nbsp;:<\/span><\/strong><\/summary>\n<p>Le module est adapt\u00e9 \u00e0 vos besoins, en sensibilisation et\/ou renforcement de vos connaissances et comp\u00e9tences.<br><br>L\u2019approche peut s\u2019orienter vers comment d\u00e9carboner votre organisation, optimiser les processus internes avec b\u00e9n\u00e9fice socio-environnemental, cr\u00e9er une circularit\u00e9 des flux internes, r\u00e9duire le gaspillage et les d\u00e9chets (eau, mati\u00e8res, \u00e9nergie), ajuster le comportement et pratiques quotidiennes, \u2026 .<\/p>\n<\/details>\n\n\n\n<div style=\"height:12px\" aria-hidden=\"true\" class=\"wp-block-spacer\"><\/div>\n\n\n\n<div class=\"wp-block-buttons is-horizontal is-content-justification-left is-layout-flex wp-container-core-buttons-is-layout-7e5fce0a wp-block-buttons-is-layout-flex\">\n<div class=\"wp-block-button is-style-primary\"><a class=\"wp-block-button__link has-nv-dark-bg-color has-nv-c-1-background-color has-text-color has-background has-link-color has-border-color wp-element-button\" href=\"https:\/\/www.diversidees.be\/index.php\/contact\/\" style=\"border-color:var(--nv-dark-bg);border-width:1px;border-radius:6px\">Contactez-nous !<\/a><\/div>\n<\/div>\n\n\n\n<div style=\"height:0px\" aria-hidden=\"true\" class=\"wp-block-spacer\"><\/div>\n<\/div><figure class=\"wp-block-media-text__media\"><img loading=\"lazy\" decoding=\"async\" width=\"214\" height=\"191\" src=\"http:\/\/www.diversidees.be\/wp-content\/uploads\/2024\/02\/illustration-eco.png\" alt=\"\" class=\"wp-image-518 size-full\"\/><\/figure><\/div>\n<\/div><\/div>\n\n\n\n<div style=\"height:33px\" aria-hidden=\"true\" class=\"wp-block-spacer\"><\/div>\n\n\n\n<div class=\"wp-block-cover alignwide\" style=\"border-radius:22px;min-height:552px;aspect-ratio:unset;\"><img loading=\"lazy\" decoding=\"async\" width=\"1123\" height=\"794\" class=\"wp-block-cover__image-background wp-image-522\" alt=\"\" src=\"https:\/\/www.diversidees.be\/wp-content\/uploads\/2024\/02\/banniere-A4-triangle-et-angle-orange.png\" style=\"object-position:40% 55%\" data-object-fit=\"cover\" data-object-position=\"40% 55%\" srcset=\"https:\/\/www.diversidees.be\/wp-content\/uploads\/2024\/02\/banniere-A4-triangle-et-angle-orange.png 1123w, https:\/\/www.diversidees.be\/wp-content\/uploads\/2024\/02\/banniere-A4-triangle-et-angle-orange-300x212.png 300w, https:\/\/www.diversidees.be\/wp-content\/uploads\/2024\/02\/banniere-A4-triangle-et-angle-orange-1024x724.png 1024w, https:\/\/www.diversidees.be\/wp-content\/uploads\/2024\/02\/banniere-A4-triangle-et-angle-orange-768x543.png 768w\" sizes=\"auto, (max-width: 1123px) 100vw, 1123px\" \/><span aria-hidden=\"true\" class=\"wp-block-cover__background has-neve-link-color-background-color has-background-dim-20 has-background-dim\"><\/span><div class=\"wp-block-cover__inner-container is-layout-flow wp-block-cover-is-layout-flow\">\n<div class=\"wp-block-media-text is-stacked-on-mobile\" style=\"grid-template-columns:25% auto\"><figure class=\"wp-block-media-text__media\"><img loading=\"lazy\" decoding=\"async\" width=\"184\" height=\"194\" src=\"http:\/\/www.diversidees.be\/wp-content\/uploads\/2024\/02\/illustration-prise-parole.png\" alt=\"\" class=\"wp-image-523 size-full\"\/><\/figure><div class=\"wp-block-media-text__content\">\n<h2 class=\"wp-block-heading has-nv-dark-bg-color has-text-color has-link-color wp-elements-7951e2a795bdac4d4191dcf74e9c47dd\" style=\"padding-right:var(--wp--preset--spacing--20);padding-left:var(--wp--preset--spacing--20)\">Communiquer ses id\u00e9es<\/h2>\n\n\n\n<p class=\"has-nv-dark-bg-color has-text-color has-link-color wp-elements-c63321dee39f00e93ae5249c00336878\">Prendre la parole en public lors d\u2019une formation, d\u2019une r\u00e9union ou d\u2019une pr\u00e9sentation pour partager une pens\u00e9e ou un projet, \u00e7a s\u2019apprend.<br><br>Le fond du message est essentiel, tout comme la forme \u2026<br><br>Par une approche ludique et participative, cette formation vous propose de renforcer la coh\u00e9rence de vos interventions en l\u2019adaptant \u00e0 votre public.<br><br>Dans un cadre bienveillant, nous conscientiserons notre posture mentale et physique, les objectifs de notre communication et les moyens d\u2019y arriver.<br><br>Nous apprendrons \u00e0 clarifier, simplifier et structurer notre message, d\u00e9passer nos timidit\u00e9s ainsi que nos peurs de l\u2019erreur et du jugement, \u00e0 poser notre voix, trouver le rythme et l\u2019attitude pour partager nos pens\u00e9es avec fluidit\u00e9 et plaisir.<br><br>D\u00e9velopper vos comp\u00e9tences verbales et non-verbales, c\u2019est vous offrir le plaisir de transmettre sereinement vos r\u00e9flexions.<br><br>Les bonnes id\u00e9es m\u00e9ritent d\u2019\u00eatre bien partag\u00e9es.<\/p>\n\n\n\n<details class=\"wp-block-details has-nv-dark-bg-color has-text-color has-link-color wp-elements-907090ce6e9be3f7e163b6391b689f06 is-layout-flow wp-block-details-is-layout-flow\"><summary><span style=\"text-decoration: underline;\"><strong>Objectifs :<\/strong><\/span><\/summary>\n<ul class=\"wp-block-list\">\n<li>D\u00e9velopper la confiance en soit lors d\u2019une prise de parole.<\/li>\n\n\n\n<li>Augmenter l\u2019impact de son intervention.<\/li>\n\n\n\n<li>Comprendre les bases de la structuration d&rsquo;une pens\u00e9e \u00e0 communiquer oralement.<\/li>\n\n\n\n<li>Conscientiser les m\u00e9canismes en jeu lors d&rsquo;une communication (verbale et non-verbale).<\/li>\n\n\n\n<li>Acqu\u00e9rir les outils et techniques pour ajuster sa posture mentale, sa voix et son corps pour permettre une communication fluide, agr\u00e9able et adapt\u00e9e au public.<\/li>\n\n\n\n<li>Cr\u00e9er une dynamique empathique avec le public, \u00eatre \u00e0 l&rsquo;\u00e9coute et g\u00e9rer les impr\u00e9vus.<\/li>\n<\/ul>\n<\/details>\n\n\n\n<div style=\"height:12px\" aria-hidden=\"true\" class=\"wp-block-spacer\"><\/div>\n\n\n\n<div class=\"wp-block-buttons is-horizontal is-content-justification-left is-layout-flex wp-container-core-buttons-is-layout-7e5fce0a wp-block-buttons-is-layout-flex\">\n<div class=\"wp-block-button is-style-primary\"><a class=\"wp-block-button__link has-nv-dark-bg-color has-nv-c-1-background-color has-text-color has-background has-link-color has-border-color wp-element-button\" href=\"https:\/\/www.diversidees.be\/index.php\/contact\/\" style=\"border-color:var(--nv-dark-bg);border-width:1px;border-radius:6px\">Contactez-nous !<\/a><\/div>\n<\/div>\n<\/div><\/div>\n<\/div><\/div>\n\n\n\n<div style=\"height:12px\" aria-hidden=\"true\" class=\"wp-block-spacer\"><\/div>\n\n\n\n<h2 class=\"wp-block-heading has-text-align-center has-nv-dark-bg-color has-text-color has-link-color wp-elements-1fe0f7d2199539de9fd14457220d3334\">Renforcez vos comp\u00e9tences !<\/h2>\n\n\n\n<div style=\"height:12px\" aria-hidden=\"true\" class=\"wp-block-spacer\"><\/div>\n\n\n\n<div class=\"wp-block-cover alignwide has-nv-dark-bg-color has-text-color has-link-color wp-elements-3cbb85ea8ceac3ec4979e1eb4ed580fa\" style=\"border-radius:22px;min-height:300px;aspect-ratio:unset;\"><img loading=\"lazy\" decoding=\"async\" width=\"1123\" height=\"794\" class=\"wp-block-cover__image-background wp-image-516\" alt=\"\" src=\"http:\/\/www.diversidees.be\/wp-content\/uploads\/2024\/02\/banniere-A4-triangle-et-angle-multicolore-1.png\" style=\"object-position:31% 66%\" data-object-fit=\"cover\" data-object-position=\"31% 66%\" srcset=\"https:\/\/www.diversidees.be\/wp-content\/uploads\/2024\/02\/banniere-A4-triangle-et-angle-multicolore-1.png 1123w, https:\/\/www.diversidees.be\/wp-content\/uploads\/2024\/02\/banniere-A4-triangle-et-angle-multicolore-1-300x212.png 300w, https:\/\/www.diversidees.be\/wp-content\/uploads\/2024\/02\/banniere-A4-triangle-et-angle-multicolore-1-1024x724.png 1024w, https:\/\/www.diversidees.be\/wp-content\/uploads\/2024\/02\/banniere-A4-triangle-et-angle-multicolore-1-768x543.png 768w\" sizes=\"auto, (max-width: 1123px) 100vw, 1123px\" \/><span aria-hidden=\"true\" class=\"wp-block-cover__background has-background-dim-0 has-background-dim\"><\/span><div class=\"wp-block-cover__inner-container is-layout-flow wp-block-cover-is-layout-flow\"><div class=\"wp-block-image is-style-default\">\n<figure class=\"aligncenter size-full\"><a href=\"https:\/\/www.diversidees.be\/index.php\/contact\/\"><img loading=\"lazy\" decoding=\"async\" width=\"191\" height=\"191\" src=\"http:\/\/www.diversidees.be\/wp-content\/uploads\/2024\/02\/email-sm-logo-mail-blanc.png\" alt=\"\" class=\"wp-image-399\" srcset=\"https:\/\/www.diversidees.be\/wp-content\/uploads\/2024\/02\/email-sm-logo-mail-blanc.png 191w, https:\/\/www.diversidees.be\/wp-content\/uploads\/2024\/02\/email-sm-logo-mail-blanc-150x150.png 150w\" sizes=\"auto, (max-width: 191px) 100vw, 191px\" \/><\/a><\/figure>\n<\/div>\n\n\n<div class=\"wp-block-buttons is-horizontal is-content-justification-center is-layout-flex wp-container-core-buttons-is-layout-499968f5 wp-block-buttons-is-layout-flex\">\n<div class=\"wp-block-button is-style-default\"><a class=\"wp-block-button__link has-nv-dark-bg-color has-nv-c-1-background-color has-text-color has-background has-link-color has-border-color wp-element-button\" href=\"https:\/\/www.diversidees.be\/index.php\/contact\/\" style=\"border-color:var(--nv-dark-bg);border-width:1px;border-radius:6px\">Contactez-nous<\/a><\/div>\n<\/div>\n<\/div><\/div>\n\n\n\n<div style=\"height:100px\" aria-hidden=\"true\" class=\"wp-block-spacer\"><\/div>\n","protected":false},"excerpt":{"rendered":"<p>Formations Diversit\u00e9s et Inclusion (DEI) R\u00e9-apprendre \u00e0 questionner ses cadres de r\u00e9f\u00e9rences et ses habitudes pour s&rsquo;ouvrir aux diversit\u00e9s et \u00e0 leur inclusion. \u00c9co-Responsabilit\u00e9 Se r\u00e9-approprier le pouvoir d\u2019\u00eatre acteur\u00b7ice de changements \u00e9co-responsables. Communiquer ses id\u00e9es Oser prendre la parole en publique.Les bonnes id\u00e9es m\u00e9ritent d\u2019\u00eatre bien partag\u00e9es. Renforcez vos comp\u00e9tences !<\/p>\n","protected":false},"author":1,"featured_media":0,"parent":0,"menu_order":0,"comment_status":"closed","ping_status":"closed","template":"","meta":{"neve_meta_sidebar":"","neve_meta_container":"","neve_meta_enable_content_width":"","neve_meta_content_width":0,"neve_meta_title_alignment":"","neve_meta_author_avatar":"","neve_post_elements_order":"","neve_meta_disable_header":"","neve_meta_disable_footer":"","neve_meta_disable_title":"","_themeisle_gutenberg_block_has_review":false,"footnotes":""},"class_list":["post-23","page","type-page","status-publish","hentry"],"_links":{"self":[{"href":"https:\/\/www.diversidees.be\/index.php\/wp-json\/wp\/v2\/pages\/23","targetHints":{"allow":["GET"]}}],"collection":[{"href":"https:\/\/www.diversidees.be\/index.php\/wp-json\/wp\/v2\/pages"}],"about":[{"href":"https:\/\/www.diversidees.be\/index.php\/wp-json\/wp\/v2\/types\/page"}],"author":[{"embeddable":true,"href":"https:\/\/www.diversidees.be\/index.php\/wp-json\/wp\/v2\/users\/1"}],"replies":[{"embeddable":true,"href":"https:\/\/www.diversidees.be\/index.php\/wp-json\/wp\/v2\/comments?post=23"}],"version-history":[{"count":15,"href":"https:\/\/www.diversidees.be\/index.php\/wp-json\/wp\/v2\/pages\/23\/revisions"}],"predecessor-version":[{"id":652,"href":"https:\/\/www.diversidees.be\/index.php\/wp-json\/wp\/v2\/pages\/23\/revisions\/652"}],"wp:attachment":[{"href":"https:\/\/www.diversidees.be\/index.php\/wp-json\/wp\/v2\/media?parent=23"}],"curies":[{"name":"wp","href":"https:\/\/api.w.org\/{rel}","templated":true}]}}